{"id":1670,"date":"2017-10-05T17:00:00","date_gmt":"2017-10-05T15:00:00","guid":{"rendered":"http:\/\/www.ff-kolkwitz.de\/?post_type=einsatz&#038;p=1670"},"modified":"2017-10-08T20:22:19","modified_gmt":"2017-10-08T18:22:19","slug":"xavier-pkw-anhaenger-ueberschlaegt-sich","status":"publish","type":"einsatz","link":"https:\/\/www.ff-kolkwitz.de\/?einsatz=xavier-pkw-anhaenger-ueberschlaegt-sich","title":{"rendered":"Xavier: PKW-Anh\u00e4nger \u00fcberschl\u00e4gt sich"},"content":{"rendered":"<figure id=\"attachment_1672\" aria-describedby=\"caption-attachment-1672\" style=\"width: 720px\" class=\"wp-caption aligncenter\"><a href=\"https:\/\/www.ff-kolkwitz.de\/wp-content\/uploads\/2017\/10\/2017_037_01-1.jpg\" rel=\"lightbox[1670]\"><img loading=\"lazy\" decoding=\"async\" class=\"size-full wp-image-1672\" src=\"https:\/\/www.ff-kolkwitz.de\/wp-content\/uploads\/2017\/10\/2017_037_01-1.jpg\" alt=\"\" width=\"720\" height=\"540\" \/><\/a><figcaption id=\"caption-attachment-1672\" class=\"wp-caption-text\"><em>Foto: Christoph Rother<\/em><\/figcaption><\/figure>\n<p>Eine starke Windb\u00f6e erfasste einen Anh\u00e4nger. Dieser \u00fcberschlug sich und sorgte daf\u00fcr, dass auch das Auto von der Stra\u00dfe abkam und sich ebenfalls \u00fcberschlug. Die Insassen wurden dabei gl\u00fccklicherweise nur leicht verletzt.<\/p>\n<p>Feuerwehr sicherte die Unfallstelle und kontrolliert auf auslaufende Betriebsstoffe<\/p>\n","protected":false},"author":1,"featured_media":0,"template":"","meta":{"einsatz_weight":1,"footnotes":""},"categories":[144],"tags":[],"einsatzart":[66],"fahrzeug":[9,29],"exteinsatzmittel":[91,26,25],"alarmierungsart":[],"evw_unit":[],"class_list":["post-1670","einsatz","type-einsatz","status-publish","hentry","category-einsatz","einsatzart-mit-personenschaden","fahrzeug-lf-1612","fahrzeug-tlf","exteinsatzmittel-ffw-gulben","exteinsatzmittel-polizei","exteinsatzmittel-rettungsdienst"],"_links":{"self":[{"href":"https:\/\/www.ff-kolkwitz.de\/index.php?rest_route=\/wp\/v2\/einsatz\/1670","targetHints":{"allow":["GET"]}}],"collection":[{"href":"https:\/\/www.ff-kolkwitz.de\/index.php?rest_route=\/wp\/v2\/einsatz"}],"about":[{"href":"https:\/\/www.ff-kolkwitz.de\/index.php?rest_route=\/wp\/v2\/types\/einsatz"}],"author":[{"embeddable":true,"href":"https:\/\/www.ff-kolkwitz.de\/index.php?rest_route=\/wp\/v2\/users\/1"}],"version-history":[{"count":1,"href":"https:\/\/www.ff-kolkwitz.de\/index.php?rest_route=\/wp\/v2\/einsatz\/1670\/revisions"}],"predecessor-version":[{"id":1673,"href":"https:\/\/www.ff-kolkwitz.de\/index.php?rest_route=\/wp\/v2\/einsatz\/1670\/revisions\/1673"}],"wp:attachment":[{"href":"https:\/\/www.ff-kolkwitz.de\/index.php?rest_route=%2Fwp%2Fv2%2Fmedia&parent=1670"}],"wp:term":[{"taxonomy":"category","embeddable":true,"href":"https:\/\/www.ff-kolkwitz.de\/index.php?rest_route=%2Fwp%2Fv2%2Fcategories&post=1670"},{"taxonomy":"post_tag","embeddable":true,"href":"https:\/\/www.ff-kolkwitz.de\/index.php?rest_route=%2Fwp%2Fv2%2Ftags&post=1670"},{"taxonomy":"einsatzart","embeddable":true,"href":"https:\/\/www.ff-kolkwitz.de\/index.php?rest_route=%2Fwp%2Fv2%2Feinsatzart&post=1670"},{"taxonomy":"fahrzeug","embeddable":true,"href":"https:\/\/www.ff-kolkwitz.de\/index.php?rest_route=%2Fwp%2Fv2%2Ffahrzeug&post=1670"},{"taxonomy":"exteinsatzmittel","embeddable":true,"href":"https:\/\/www.ff-kolkwitz.de\/index.php?rest_route=%2Fwp%2Fv2%2Fexteinsatzmittel&post=1670"},{"taxonomy":"alarmierungsart","embeddable":true,"href":"https:\/\/www.ff-kolkwitz.de\/index.php?rest_route=%2Fwp%2Fv2%2Falarmierungsart&post=1670"},{"taxonomy":"evw_unit","embeddable":true,"href":"https:\/\/www.ff-kolkwitz.de\/index.php?rest_route=%2Fwp%2Fv2%2Fevw_unit&post=1670"}],"curies":[{"name":"wp","href":"https:\/\/api.w.org\/{rel}","templated":true}]}}