{"id":2117,"date":"2018-08-12T08:31:00","date_gmt":"2018-08-12T06:31:00","guid":{"rendered":"https:\/\/www.ff-kolkwitz.de\/?post_type=einsatz&#038;p=2117"},"modified":"2018-08-12T19:51:29","modified_gmt":"2018-08-12T17:51:29","slug":"glutnester-im-wald","status":"publish","type":"einsatz","link":"https:\/\/www.ff-kolkwitz.de\/?einsatz=glutnester-im-wald","title":{"rendered":"Glutnester im Wald"},"content":{"rendered":"<p>Erneut wurde die Feuerwehr in den Wald bei Zahsow gerufen, weil einzelne Glutnester entdeckt worden waren. Die waren allerdings recht klein und schnell gel\u00f6scht, so dass ein Gro\u00dfteil der anr\u00fcckenden Kr\u00e4fte noch auf der Anfahrt wieder abr\u00fccken konnte. Die Kolkwitzer Ortswehr l\u00f6schte die Glutnester gemeinsam mit den KameradInnen aus Kunersdorf<\/p>\n<div id='gallery-1' class='gallery galleryid-2117 gallery-columns-3 gallery-size-thumbnail'><figure class='gallery-item'>\n\t\t\t<div class='gallery-icon landscape'>\n\t\t\t\t<a href='https:\/\/www.ff-kolkwitz.de\/wp-content\/uploads\/2018\/08\/2018-043-001.jpg' rel=\"lightbox[2117]\"><img loading=\"lazy\" decoding=\"async\" width=\"250\" height=\"141\" src=\"https:\/\/www.ff-kolkwitz.de\/wp-content\/uploads\/2018\/08\/2018-043-001-250x141.jpg\" class=\"attachment-thumbnail size-thumbnail\" alt=\"\" srcset=\"https:\/\/www.ff-kolkwitz.de\/wp-content\/uploads\/2018\/08\/2018-043-001-250x141.jpg 250w, https:\/\/www.ff-kolkwitz.de\/wp-content\/uploads\/2018\/08\/2018-043-001-850x478.jpg 850w, https:\/\/www.ff-kolkwitz.de\/wp-content\/uploads\/2018\/08\/2018-043-001-768x432.jpg 768w, https:\/\/www.ff-kolkwitz.de\/wp-content\/uploads\/2018\/08\/2018-043-001-1200x675.jpg 1200w\" sizes=\"auto, (max-width: 250px) 100vw, 250px\" \/><\/a>\n\t\t\t<\/div><\/figure><figure class='gallery-item'>\n\t\t\t<div class='gallery-icon landscape'>\n\t\t\t\t<a href='https:\/\/www.ff-kolkwitz.de\/wp-content\/uploads\/2018\/08\/2018-043-002.jpg' rel=\"lightbox[2117]\"><img loading=\"lazy\" decoding=\"async\" width=\"250\" height=\"141\" src=\"https:\/\/www.ff-kolkwitz.de\/wp-content\/uploads\/2018\/08\/2018-043-002-250x141.jpg\" class=\"attachment-thumbnail size-thumbnail\" alt=\"\" srcset=\"https:\/\/www.ff-kolkwitz.de\/wp-content\/uploads\/2018\/08\/2018-043-002-250x141.jpg 250w, https:\/\/www.ff-kolkwitz.de\/wp-content\/uploads\/2018\/08\/2018-043-002-850x478.jpg 850w, https:\/\/www.ff-kolkwitz.de\/wp-content\/uploads\/2018\/08\/2018-043-002-768x432.jpg 768w, https:\/\/www.ff-kolkwitz.de\/wp-content\/uploads\/2018\/08\/2018-043-002-1200x675.jpg 1200w\" sizes=\"auto, (max-width: 250px) 100vw, 250px\" \/><\/a>\n\t\t\t<\/div><\/figure>\n\t\t<\/div>\n\n","protected":false},"author":1,"featured_media":2118,"template":"","meta":{"einsatz_weight":1,"footnotes":""},"categories":[144],"tags":[],"einsatzart":[57],"fahrzeug":[98,186,29,185],"exteinsatzmittel":[118,42,41],"alarmierungsart":[],"evw_unit":[],"class_list":["post-2117","einsatz","type-einsatz","status-publish","has-post-thumbnail","hentry","category-einsatz","einsatzart-wald","fahrzeug-elw","fahrzeug-gtlf-zt-323","fahrzeug-tlf","fahrzeug-tlf-w50","exteinsatzmittel-ffw-cottbus","exteinsatzmittel-ffw-eichow","exteinsatzmittel-ffw-kunersdorf"],"_links":{"self":[{"href":"https:\/\/www.ff-kolkwitz.de\/index.php?rest_route=\/wp\/v2\/einsatz\/2117","targetHints":{"allow":["GET"]}}],"collection":[{"href":"https:\/\/www.ff-kolkwitz.de\/index.php?rest_route=\/wp\/v2\/einsatz"}],"about":[{"href":"https:\/\/www.ff-kolkwitz.de\/index.php?rest_route=\/wp\/v2\/types\/einsatz"}],"author":[{"embeddable":true,"href":"https:\/\/www.ff-kolkwitz.de\/index.php?rest_route=\/wp\/v2\/users\/1"}],"version-history":[{"count":1,"href":"https:\/\/www.ff-kolkwitz.de\/index.php?rest_route=\/wp\/v2\/einsatz\/2117\/revisions"}],"predecessor-version":[{"id":2120,"href":"https:\/\/www.ff-kolkwitz.de\/index.php?rest_route=\/wp\/v2\/einsatz\/2117\/revisions\/2120"}],"wp:featuredmedia":[{"embeddable":true,"href":"https:\/\/www.ff-kolkwitz.de\/index.php?rest_route=\/wp\/v2\/media\/2118"}],"wp:attachment":[{"href":"https:\/\/www.ff-kolkwitz.de\/index.php?rest_route=%2Fwp%2Fv2%2Fmedia&parent=2117"}],"wp:term":[{"taxonomy":"category","embeddable":true,"href":"https:\/\/www.ff-kolkwitz.de\/index.php?rest_route=%2Fwp%2Fv2%2Fcategories&post=2117"},{"taxonomy":"post_tag","embeddable":true,"href":"https:\/\/www.ff-kolkwitz.de\/index.php?rest_route=%2Fwp%2Fv2%2Ftags&post=2117"},{"taxonomy":"einsatzart","embeddable":true,"href":"https:\/\/www.ff-kolkwitz.de\/index.php?rest_route=%2Fwp%2Fv2%2Feinsatzart&post=2117"},{"taxonomy":"fahrzeug","embeddable":true,"href":"https:\/\/www.ff-kolkwitz.de\/index.php?rest_route=%2Fwp%2Fv2%2Ffahrzeug&post=2117"},{"taxonomy":"exteinsatzmittel","embeddable":true,"href":"https:\/\/www.ff-kolkwitz.de\/index.php?rest_route=%2Fwp%2Fv2%2Fexteinsatzmittel&post=2117"},{"taxonomy":"alarmierungsart","embeddable":true,"href":"https:\/\/www.ff-kolkwitz.de\/index.php?rest_route=%2Fwp%2Fv2%2Falarmierungsart&post=2117"},{"taxonomy":"evw_unit","embeddable":true,"href":"https:\/\/www.ff-kolkwitz.de\/index.php?rest_route=%2Fwp%2Fv2%2Fevw_unit&post=2117"}],"curies":[{"name":"wp","href":"https:\/\/api.w.org\/{rel}","templated":true}]}}