{"id":2394,"date":"2019-03-05T06:49:00","date_gmt":"2019-03-05T04:49:00","guid":{"rendered":"https:\/\/www.ff-kolkwitz.de\/?post_type=einsatz&#038;p=2394"},"modified":"2020-01-04T23:03:26","modified_gmt":"2020-01-04T21:03:26","slug":"baum-auf-strasse-13","status":"publish","type":"einsatz","link":"https:\/\/www.ff-kolkwitz.de\/?einsatz=baum-auf-strasse-13","title":{"rendered":"Baum auf Stra\u00dfe"},"content":{"rendered":"<p>Sturmtief &#8220;Benett&#8221; hat in der Gemeinde vergleichsweise wenig Sch\u00e4den angerichtet. In der Leuthener Stra\u00dfe waren dennoch einige B\u00e4ume umgefallen und blockierten die Stra\u00dfe. Der Bauhof war ebenfalls vor Ort und \u00fcbernahm die Einsatzstelle. F\u00fcr die Feuerwehr bedeutete das Einsatzabbruch.<\/p>\n","protected":false},"author":1,"featured_media":2395,"template":"","meta":{"einsatz_weight":1,"footnotes":""},"categories":[144],"tags":[],"einsatzart":[3],"fahrzeug":[184],"exteinsatzmittel":[175],"alarmierungsart":[],"evw_unit":[],"class_list":["post-2394","einsatz","type-einsatz","status-publish","has-post-thumbnail","hentry","category-einsatz","einsatzart-natur","fahrzeug-hlf20","exteinsatzmittel-bauhof"],"_links":{"self":[{"href":"https:\/\/www.ff-kolkwitz.de\/index.php?rest_route=\/wp\/v2\/einsatz\/2394","targetHints":{"allow":["GET"]}}],"collection":[{"href":"https:\/\/www.ff-kolkwitz.de\/index.php?rest_route=\/wp\/v2\/einsatz"}],"about":[{"href":"https:\/\/www.ff-kolkwitz.de\/index.php?rest_route=\/wp\/v2\/types\/einsatz"}],"author":[{"embeddable":true,"href":"https:\/\/www.ff-kolkwitz.de\/index.php?rest_route=\/wp\/v2\/users\/1"}],"version-history":[{"count":1,"href":"https:\/\/www.ff-kolkwitz.de\/index.php?rest_route=\/wp\/v2\/einsatz\/2394\/revisions"}],"predecessor-version":[{"id":2396,"href":"https:\/\/www.ff-kolkwitz.de\/index.php?rest_route=\/wp\/v2\/einsatz\/2394\/revisions\/2396"}],"wp:featuredmedia":[{"embeddable":true,"href":"https:\/\/www.ff-kolkwitz.de\/index.php?rest_route=\/wp\/v2\/media\/2395"}],"wp:attachment":[{"href":"https:\/\/www.ff-kolkwitz.de\/index.php?rest_route=%2Fwp%2Fv2%2Fmedia&parent=2394"}],"wp:term":[{"taxonomy":"category","embeddable":true,"href":"https:\/\/www.ff-kolkwitz.de\/index.php?rest_route=%2Fwp%2Fv2%2Fcategories&post=2394"},{"taxonomy":"post_tag","embeddable":true,"href":"https:\/\/www.ff-kolkwitz.de\/index.php?rest_route=%2Fwp%2Fv2%2Ftags&post=2394"},{"taxonomy":"einsatzart","embeddable":true,"href":"https:\/\/www.ff-kolkwitz.de\/index.php?rest_route=%2Fwp%2Fv2%2Feinsatzart&post=2394"},{"taxonomy":"fahrzeug","embeddable":true,"href":"https:\/\/www.ff-kolkwitz.de\/index.php?rest_route=%2Fwp%2Fv2%2Ffahrzeug&post=2394"},{"taxonomy":"exteinsatzmittel","embeddable":true,"href":"https:\/\/www.ff-kolkwitz.de\/index.php?rest_route=%2Fwp%2Fv2%2Fexteinsatzmittel&post=2394"},{"taxonomy":"alarmierungsart","embeddable":true,"href":"https:\/\/www.ff-kolkwitz.de\/index.php?rest_route=%2Fwp%2Fv2%2Falarmierungsart&post=2394"},{"taxonomy":"evw_unit","embeddable":true,"href":"https:\/\/www.ff-kolkwitz.de\/index.php?rest_route=%2Fwp%2Fv2%2Fevw_unit&post=2394"}],"curies":[{"name":"wp","href":"https:\/\/api.w.org\/{rel}","templated":true}]}}