{"id":3001,"date":"2020-04-05T15:02:00","date_gmt":"2020-04-05T13:02:00","guid":{"rendered":"https:\/\/www.ff-kolkwitz.de\/?post_type=einsatz&#038;p=3001"},"modified":"2020-04-06T19:25:23","modified_gmt":"2020-04-06T17:25:23","slug":"flaechenbrand-7","status":"publish","type":"einsatz","link":"https:\/\/www.ff-kolkwitz.de\/?einsatz=flaechenbrand-7","title":{"rendered":"Fl\u00e4chenbrand"},"content":{"rendered":"<p>Beim Eintreffen der Feuerwehr brannten etwa 200qm Gestr\u00fcpp. Die Feuerwehr verhinderte zun\u00e4chst, dass der Brand auf ein bewohntes Grundst\u00fcck \u00fcbergreifen konnte. Obwohl sofort weitere Einsatzkr\u00e4fte nachgordert wurden, konnte sich durch wechselnde Winde und trockenen Schilf-Bewuchs das Feuer auf mehrer Hektar ausdehnen. Da es sich um ein Moorgebiet handelt, war es trotz eines Gro\u00dfaufgebotes f\u00fcr die Einsatzkr\u00e4fte schwer, an die Brandstellen heranzukommen. Teilweise mussten auch vom Feuer betroffene B\u00e4ume gef\u00e4llt werden. Eine \u00fcber die Brandstelle f\u00fchrende Stromleitung musste abgeschaltet werden.<\/p>\n<p>Insgesamt waren 95 KameradInnen im Einsatz. Nach ca 5 Stunden war der Brand gel\u00f6scht<\/p>\n<div id='gallery-1' class='gallery galleryid-3001 gallery-columns-2 gallery-size-thumbnail'><figure class='gallery-item'>\n\t\t\t<div class='gallery-icon landscape'>\n\t\t\t\t<a href='https:\/\/www.ff-kolkwitz.de\/wp-content\/uploads\/2020\/04\/2020-Nr007-001-scaled.jpg' rel=\"lightbox[3001]\"><img loading=\"lazy\" decoding=\"async\" width=\"250\" height=\"141\" src=\"https:\/\/www.ff-kolkwitz.de\/wp-content\/uploads\/2020\/04\/2020-Nr007-001-250x141.jpg\" class=\"attachment-thumbnail size-thumbnail\" alt=\"Quelle: Blaulichtrepoter Cottbus\" aria-describedby=\"gallery-1-3008\" srcset=\"https:\/\/www.ff-kolkwitz.de\/wp-content\/uploads\/2020\/04\/2020-Nr007-001-250x141.jpg 250w, https:\/\/www.ff-kolkwitz.de\/wp-content\/uploads\/2020\/04\/2020-Nr007-001-850x478.jpg 850w, https:\/\/www.ff-kolkwitz.de\/wp-content\/uploads\/2020\/04\/2020-Nr007-001-1200x675.jpg 1200w\" sizes=\"auto, (max-width: 250px) 100vw, 250px\" \/><\/a>\n\t\t\t<\/div>\n\t\t\t\t<figcaption class='wp-caption-text gallery-caption' id='gallery-1-3008'>\n\t\t\t\tDas Ausma\u00df war beeindruckend\nQuelle: Blaulichtrepoter Cottbus\n\t\t\t\t<\/figcaption><\/figure><figure class='gallery-item'>\n\t\t\t<div class='gallery-icon landscape'>\n\t\t\t\t<a href='https:\/\/www.ff-kolkwitz.de\/wp-content\/uploads\/2020\/04\/2020-Nr007-002-scaled.jpg' rel=\"lightbox[3001]\"><img loading=\"lazy\" decoding=\"async\" width=\"250\" height=\"141\" src=\"https:\/\/www.ff-kolkwitz.de\/wp-content\/uploads\/2020\/04\/2020-Nr007-002-250x141.jpg\" class=\"attachment-thumbnail size-thumbnail\" alt=\"\" aria-describedby=\"gallery-1-3007\" srcset=\"https:\/\/www.ff-kolkwitz.de\/wp-content\/uploads\/2020\/04\/2020-Nr007-002-250x141.jpg 250w, https:\/\/www.ff-kolkwitz.de\/wp-content\/uploads\/2020\/04\/2020-Nr007-002-850x478.jpg 850w, https:\/\/www.ff-kolkwitz.de\/wp-content\/uploads\/2020\/04\/2020-Nr007-002-1200x675.jpg 1200w\" sizes=\"auto, (max-width: 250px) 100vw, 250px\" \/><\/a>\n\t\t\t<\/div>\n\t\t\t\t<figcaption class='wp-caption-text gallery-caption' id='gallery-1-3007'>\n\t\t\t\tIn dem trockenen Schilf konnten sich die Flammen schnell ausbreiten. Quelle: Blaulichtrepoter Cottbus\n\t\t\t\t<\/figcaption><\/figure><figure class='gallery-item'>\n\t\t\t<div class='gallery-icon landscape'>\n\t\t\t\t<a href='https:\/\/www.ff-kolkwitz.de\/wp-content\/uploads\/2020\/04\/2020-Nr007-003-scaled.jpg' rel=\"lightbox[3001]\"><img loading=\"lazy\" decoding=\"async\" width=\"250\" height=\"141\" src=\"https:\/\/www.ff-kolkwitz.de\/wp-content\/uploads\/2020\/04\/2020-Nr007-003-250x141.jpg\" class=\"attachment-thumbnail size-thumbnail\" alt=\"\" aria-describedby=\"gallery-1-3006\" srcset=\"https:\/\/www.ff-kolkwitz.de\/wp-content\/uploads\/2020\/04\/2020-Nr007-003-250x141.jpg 250w, https:\/\/www.ff-kolkwitz.de\/wp-content\/uploads\/2020\/04\/2020-Nr007-003-850x478.jpg 850w, https:\/\/www.ff-kolkwitz.de\/wp-content\/uploads\/2020\/04\/2020-Nr007-003-1200x675.jpg 1200w\" sizes=\"auto, (max-width: 250px) 100vw, 250px\" \/><\/a>\n\t\t\t<\/div>\n\t\t\t\t<figcaption class='wp-caption-text gallery-caption' id='gallery-1-3006'>\n\t\t\t\tDas Kolkwitzer TLF wurde zum Schutz des Wohngeb\u00e4udes eingesetzt (Quelle: Blaulichtrepoter Cottbus)\n\t\t\t\t<\/figcaption><\/figure><figure class='gallery-item'>\n\t\t\t<div class='gallery-icon landscape'>\n\t\t\t\t<a href='https:\/\/www.ff-kolkwitz.de\/wp-content\/uploads\/2020\/04\/2020-Nr007-004-scaled.jpg' rel=\"lightbox[3001]\"><img loading=\"lazy\" decoding=\"async\" width=\"250\" height=\"141\" src=\"https:\/\/www.ff-kolkwitz.de\/wp-content\/uploads\/2020\/04\/2020-Nr007-004-250x141.jpg\" class=\"attachment-thumbnail size-thumbnail\" alt=\"\" aria-describedby=\"gallery-1-3005\" srcset=\"https:\/\/www.ff-kolkwitz.de\/wp-content\/uploads\/2020\/04\/2020-Nr007-004-250x141.jpg 250w, https:\/\/www.ff-kolkwitz.de\/wp-content\/uploads\/2020\/04\/2020-Nr007-004-850x478.jpg 850w, https:\/\/www.ff-kolkwitz.de\/wp-content\/uploads\/2020\/04\/2020-Nr007-004-1200x675.jpg 1200w\" sizes=\"auto, (max-width: 250px) 100vw, 250px\" \/><\/a>\n\t\t\t<\/div>\n\t\t\t\t<figcaption class='wp-caption-text gallery-caption' id='gallery-1-3005'>\n\t\t\t\tAuch viele B\u00e4ume wurden in Mitleidenschaft gezogen und mussten gel\u00f6scht bzw teilweise gef\u00e4llt werden. (Quelle: Blaulichtrepoter Cottbus)\n\t\t\t\t<\/figcaption><\/figure>\n\t\t<\/div>\n\n","protected":false},"author":1,"featured_media":3008,"template":"","meta":{"einsatz_weight":1,"footnotes":""},"categories":[144],"tags":[],"einsatzart":[56],"fahrzeug":[98,29,185,208],"exteinsatzmittel":[34,82,42,12,91,87,37,41,116,43,119,26,25],"alarmierungsart":[],"evw_unit":[],"class_list":["post-3001","einsatz","type-einsatz","status-publish","has-post-thumbnail","hentry","category-einsatz","einsatzart-flaeche","fahrzeug-elw","fahrzeug-tlf","fahrzeug-tlf-w50","fahrzeug-wache","exteinsatzmittel-bf-cottbus","exteinsatzmittel-ffw-burg","exteinsatzmittel-ffw-eichow","exteinsatzmittel-ffw-glinzig","exteinsatzmittel-ffw-gulben","exteinsatzmittel-ffw-kackrow","exteinsatzmittel-krieschow","exteinsatzmittel-ffw-kunersdorf","exteinsatzmittel-ffw-leuthen","exteinsatzmittel-ffw-limberg","exteinsatzmittel-ffw-papitz","exteinsatzmittel-polizei","exteinsatzmittel-rettungsdienst"],"_links":{"self":[{"href":"https:\/\/www.ff-kolkwitz.de\/index.php?rest_route=\/wp\/v2\/einsatz\/3001","targetHints":{"allow":["GET"]}}],"collection":[{"href":"https:\/\/www.ff-kolkwitz.de\/index.php?rest_route=\/wp\/v2\/einsatz"}],"about":[{"href":"https:\/\/www.ff-kolkwitz.de\/index.php?rest_route=\/wp\/v2\/types\/einsatz"}],"author":[{"embeddable":true,"href":"https:\/\/www.ff-kolkwitz.de\/index.php?rest_route=\/wp\/v2\/users\/1"}],"version-history":[{"count":3,"href":"https:\/\/www.ff-kolkwitz.de\/index.php?rest_route=\/wp\/v2\/einsatz\/3001\/revisions"}],"predecessor-version":[{"id":3010,"href":"https:\/\/www.ff-kolkwitz.de\/index.php?rest_route=\/wp\/v2\/einsatz\/3001\/revisions\/3010"}],"wp:featuredmedia":[{"embeddable":true,"href":"https:\/\/www.ff-kolkwitz.de\/index.php?rest_route=\/wp\/v2\/media\/3008"}],"wp:attachment":[{"href":"https:\/\/www.ff-kolkwitz.de\/index.php?rest_route=%2Fwp%2Fv2%2Fmedia&parent=3001"}],"wp:term":[{"taxonomy":"category","embeddable":true,"href":"https:\/\/www.ff-kolkwitz.de\/index.php?rest_route=%2Fwp%2Fv2%2Fcategories&post=3001"},{"taxonomy":"post_tag","embeddable":true,"href":"https:\/\/www.ff-kolkwitz.de\/index.php?rest_route=%2Fwp%2Fv2%2Ftags&post=3001"},{"taxonomy":"einsatzart","embeddable":true,"href":"https:\/\/www.ff-kolkwitz.de\/index.php?rest_route=%2Fwp%2Fv2%2Feinsatzart&post=3001"},{"taxonomy":"fahrzeug","embeddable":true,"href":"https:\/\/www.ff-kolkwitz.de\/index.php?rest_route=%2Fwp%2Fv2%2Ffahrzeug&post=3001"},{"taxonomy":"exteinsatzmittel","embeddable":true,"href":"https:\/\/www.ff-kolkwitz.de\/index.php?rest_route=%2Fwp%2Fv2%2Fexteinsatzmittel&post=3001"},{"taxonomy":"alarmierungsart","embeddable":true,"href":"https:\/\/www.ff-kolkwitz.de\/index.php?rest_route=%2Fwp%2Fv2%2Falarmierungsart&post=3001"},{"taxonomy":"evw_unit","embeddable":true,"href":"https:\/\/www.ff-kolkwitz.de\/index.php?rest_route=%2Fwp%2Fv2%2Fevw_unit&post=3001"}],"curies":[{"name":"wp","href":"https:\/\/api.w.org\/{rel}","templated":true}]}}